{"id":623,"date":"2025-10-06T09:16:45","date_gmt":"2025-10-06T14:16:45","guid":{"rendered":"https:\/\/click2action.com.co\/doctoralvaro\/?page_id=623"},"modified":"2025-10-06T09:24:46","modified_gmt":"2025-10-06T14:24:46","slug":"cancer-de-laringe","status":"publish","type":"page","link":"https:\/\/doctoralvarosanabria.com\/en\/cancer-de-laringe\/","title":{"rendered":"Laryngeal cancer"},"content":{"rendered":"<div data-elementor-type=\"wp-page\" data-elementor-id=\"623\" class=\"elementor elementor-623\" data-elementor-settings=\"{&quot;ha_cmc_init_switcher&quot;:&quot;no&quot;}\" data-elementor-post-type=\"page\">\n\t\t\t\t<div class=\"elementor-element elementor-element-7ed090f e-con-full e-flex e-con e-parent\" data-id=\"7ed090f\" data-element_type=\"container\" data-e-type=\"container\" data-settings=\"{&quot;_ha_eqh_enable&quot;:false}\">\n\t\t\t\t<div class=\"elementor-element elementor-element-4a82d21 elementor-hidden-mobile elementor-widget elementor-widget-image\" data-id=\"4a82d21\" data-element_type=\"widget\" data-e-type=\"widget\" data-widget_type=\"image.default\">\n\t\t\t\t\t\t\t\t\t\t\t\t\t\t\t<img fetchpriority=\"high\" decoding=\"async\" width=\"2560\" height=\"588\" src=\"https:\/\/doctoralvarosanabria.com\/wp-content\/uploads\/2026\/03\/Banners-ingles-11-scaled.jpg\" class=\"attachment-full size-full wp-image-628\" alt=\"\" srcset=\"https:\/\/doctoralvarosanabria.com\/wp-content\/uploads\/2026\/03\/Banners-ingles-11-scaled.jpg 2560w, https:\/\/doctoralvarosanabria.com\/wp-content\/uploads\/2026\/03\/Banners-ingles-11-300x69.jpg 300w, https:\/\/doctoralvarosanabria.com\/wp-content\/uploads\/2026\/03\/Banners-ingles-11-1024x235.jpg 1024w, https:\/\/doctoralvarosanabria.com\/wp-content\/uploads\/2026\/03\/Banners-ingles-11-768x176.jpg 768w, https:\/\/doctoralvarosanabria.com\/wp-content\/uploads\/2026\/03\/Banners-ingles-11-1536x353.jpg 1536w, https:\/\/doctoralvarosanabria.com\/wp-content\/uploads\/2026\/03\/Banners-ingles-11-2048x470.jpg 2048w, https:\/\/doctoralvarosanabria.com\/wp-content\/uploads\/2026\/03\/Banners-ingles-11-18x4.jpg 18w\" sizes=\"(max-width: 2560px) 100vw, 2560px\" \/>\t\t\t\t\t\t\t\t\t\t\t\t\t\t\t<\/div>\n\t\t\t\t<div class=\"elementor-element elementor-element-3de15c1 elementor-hidden-desktop elementor-hidden-tablet elementor-widget elementor-widget-image\" data-id=\"3de15c1\" data-element_type=\"widget\" data-e-type=\"widget\" data-widget_type=\"image.default\">\n\t\t\t\t\t\t\t\t\t\t\t\t\t\t\t<img decoding=\"async\" width=\"481\" height=\"481\" src=\"https:\/\/doctoralvarosanabria.com\/wp-content\/uploads\/2026\/03\/Banners-ingles_CANCER-DE-LARINGE.jpg\" class=\"attachment-full size-full wp-image-629\" alt=\"\" srcset=\"https:\/\/doctoralvarosanabria.com\/wp-content\/uploads\/2026\/03\/Banners-ingles_CANCER-DE-LARINGE.jpg 1000w, https:\/\/doctoralvarosanabria.com\/wp-content\/uploads\/2026\/03\/Banners-ingles_CANCER-DE-LARINGE-300x300.jpg 300w, https:\/\/doctoralvarosanabria.com\/wp-content\/uploads\/2026\/03\/Banners-ingles_CANCER-DE-LARINGE-150x150.jpg 150w, https:\/\/doctoralvarosanabria.com\/wp-content\/uploads\/2026\/03\/Banners-ingles_CANCER-DE-LARINGE-768x768.jpg 768w, https:\/\/doctoralvarosanabria.com\/wp-content\/uploads\/2026\/03\/Banners-ingles_CANCER-DE-LARINGE-12x12.jpg 12w\" sizes=\"(max-width: 481px) 100vw, 481px\" \/>\t\t\t\t\t\t\t\t\t\t\t\t\t\t\t<\/div>\n\t\t\t\t<\/div>\n\t\t<div class=\"elementor-element elementor-element-860de96 e-flex e-con-boxed e-con e-parent\" data-id=\"860de96\" data-element_type=\"container\" data-e-type=\"container\" data-settings=\"{&quot;_ha_eqh_enable&quot;:false}\">\n\t\t\t\t\t<div class=\"e-con-inner\">\n\t\t\t\t<div class=\"elementor-element elementor-element-9c2a571 elementor-widget elementor-widget-text-editor\" data-id=\"9c2a571\" data-element_type=\"widget\" data-e-type=\"widget\" data-widget_type=\"text-editor.default\">\n\t\t\t\t\t\t\t\t\t<p><strong>Laryngeal cancer<\/strong><br \/><br \/>Laryngeal cancer is characterized by the progressive onset of voice changes (dysphonia) that do not improve after a short period of time, or a feeling of a \u201clump\u201d in the throat. Very occasionally, the first symptom is the appearance of lymph nodes in the neck.<br \/><br \/>Most of these malignant tumors appear in patients who are long-term smokers and drinkers. If any of the symptoms of laryngeal cancer appear, it is necessary to consult a head and neck surgeon. The use of inhalations, menthol tablets, and other home remedies is not recommended, as these can delay the diagnosis of this cancer. At the slightest suspicion of malignancy, a laryngoscopy must be performed.<br \/><br \/>Malignant tumors of the larynx in the early stages can be treated with surgery or radiation therapy. If the tumors are more advanced, chemotherapy and radiation therapy or surgery may be used, depending on each case.<\/p>\t\t\t\t\t\t\t\t<\/div>\n\t\t\t\t\t<\/div>\n\t\t\t\t<\/div>\n\t\t\t\t<\/div>","protected":false},"excerpt":{"rendered":"<p>C\u00e1ncer de laringe El\u00a0c\u00e1ncer de laringe\u00a0se caracteriza por la aparici\u00f3n progresiva de\u00a0alteraciones de la voz (disfon\u00eda)\u00a0que no mejora despu\u00e9s de un periodo corto de tiempo o la sensaci\u00f3n de \u201ctaco\u201d en la\u00a0garganta. Muy ocasionalmente, la primera manifestaci\u00f3n es la aparici\u00f3n de\u00a0ganglios en el cuello. La mayor\u00eda de estos\u00a0tumores malignos\u00a0aparecen en pacientes que son fumadores y [&hellip;]<\/p>\n","protected":false},"author":1,"featured_media":0,"parent":0,"menu_order":0,"comment_status":"closed","ping_status":"closed","template":"","meta":{"footnotes":""},"class_list":["post-623","page","type-page","status-publish","hentry"],"yoast_head":"<!-- This site is optimized with the Yoast SEO plugin v27.5 - https:\/\/yoast.com\/product\/yoast-seo-wordpress\/ -->\n<title>C\u00e1ncer de laringe - Doctor \u00c1lvaro Sanabria<\/title>\n<meta name=\"robots\" content=\"index, follow, max-snippet:-1, max-image-preview:large, max-video-preview:-1\" \/>\n<link rel=\"canonical\" href=\"https:\/\/doctoralvarosanabria.com\/en\/cancer-de-laringe\/\" \/>\n<meta property=\"og:locale\" content=\"en_US\" \/>\n<meta property=\"og:type\" content=\"article\" \/>\n<meta property=\"og:title\" content=\"C\u00e1ncer de laringe - Doctor \u00c1lvaro Sanabria\" \/>\n<meta property=\"og:description\" content=\"C\u00e1ncer de laringe El\u00a0c\u00e1ncer de laringe\u00a0se caracteriza por la aparici\u00f3n progresiva de\u00a0alteraciones de la voz (disfon\u00eda)\u00a0que no mejora despu\u00e9s de un periodo corto de tiempo o la sensaci\u00f3n de \u201ctaco\u201d en la\u00a0garganta. Muy ocasionalmente, la primera manifestaci\u00f3n es la aparici\u00f3n de\u00a0ganglios en el cuello. La mayor\u00eda de estos\u00a0tumores malignos\u00a0aparecen en pacientes que son fumadores y [&hellip;]\" \/>\n<meta property=\"og:url\" content=\"https:\/\/doctoralvarosanabria.com\/en\/cancer-de-laringe\/\" \/>\n<meta property=\"og:site_name\" content=\"Doctor \u00c1lvaro Sanabria\" \/>\n<meta property=\"article:publisher\" content=\"https:\/\/www.facebook.com\/share\/16XXpHhXgk\/\" \/>\n<meta property=\"article:modified_time\" content=\"2025-10-06T14:24:46+00:00\" \/>\n<meta property=\"og:image\" content=\"https:\/\/click2action.com.co\/doctoralvaro\/wp-content\/uploads\/2025\/10\/Banners-INTERNA-Cancer-de-laringe.jpg\" \/>\n<meta name=\"twitter:card\" content=\"summary_large_image\" \/>\n<meta name=\"twitter:label1\" content=\"Est. reading time\" \/>\n\t<meta name=\"twitter:data1\" content=\"1 minute\" \/>\n<script type=\"application\/ld+json\" class=\"yoast-schema-graph\">{\"@context\":\"https:\\\/\\\/schema.org\",\"@graph\":[{\"@type\":\"WebPage\",\"@id\":\"https:\\\/\\\/doctoralvarosanabria.com\\\/cancer-de-laringe\\\/\",\"url\":\"https:\\\/\\\/doctoralvarosanabria.com\\\/cancer-de-laringe\\\/\",\"name\":\"C\u00e1ncer de laringe - Doctor \u00c1lvaro Sanabria\",\"isPartOf\":{\"@id\":\"https:\\\/\\\/doctoralvarosanabria.com\\\/#website\"},\"primaryImageOfPage\":{\"@id\":\"https:\\\/\\\/doctoralvarosanabria.com\\\/cancer-de-laringe\\\/#primaryimage\"},\"image\":{\"@id\":\"https:\\\/\\\/doctoralvarosanabria.com\\\/cancer-de-laringe\\\/#primaryimage\"},\"thumbnailUrl\":\"https:\\\/\\\/click2action.com.co\\\/doctoralvaro\\\/wp-content\\\/uploads\\\/2025\\\/10\\\/Banners-INTERNA-Cancer-de-laringe.jpg\",\"datePublished\":\"2025-10-06T14:16:45+00:00\",\"dateModified\":\"2025-10-06T14:24:46+00:00\",\"breadcrumb\":{\"@id\":\"https:\\\/\\\/doctoralvarosanabria.com\\\/cancer-de-laringe\\\/#breadcrumb\"},\"inLanguage\":\"en-US\",\"potentialAction\":[{\"@type\":\"ReadAction\",\"target\":[\"https:\\\/\\\/doctoralvarosanabria.com\\\/cancer-de-laringe\\\/\"]}]},{\"@type\":\"ImageObject\",\"inLanguage\":\"en-US\",\"@id\":\"https:\\\/\\\/doctoralvarosanabria.com\\\/cancer-de-laringe\\\/#primaryimage\",\"url\":\"https:\\\/\\\/click2action.com.co\\\/doctoralvaro\\\/wp-content\\\/uploads\\\/2025\\\/10\\\/Banners-INTERNA-Cancer-de-laringe.jpg\",\"contentUrl\":\"https:\\\/\\\/click2action.com.co\\\/doctoralvaro\\\/wp-content\\\/uploads\\\/2025\\\/10\\\/Banners-INTERNA-Cancer-de-laringe.jpg\"},{\"@type\":\"BreadcrumbList\",\"@id\":\"https:\\\/\\\/doctoralvarosanabria.com\\\/cancer-de-laringe\\\/#breadcrumb\",\"itemListElement\":[{\"@type\":\"ListItem\",\"position\":1,\"name\":\"Inicio\",\"item\":\"https:\\\/\\\/doctoralvarosanabria.com\\\/\"},{\"@type\":\"ListItem\",\"position\":2,\"name\":\"C\u00e1ncer de laringe\"}]},{\"@type\":\"WebSite\",\"@id\":\"https:\\\/\\\/doctoralvarosanabria.com\\\/#website\",\"url\":\"https:\\\/\\\/doctoralvarosanabria.com\\\/\",\"name\":\"Doctor \u00c1lvaro Sanabria\",\"description\":\"\",\"publisher\":{\"@id\":\"https:\\\/\\\/doctoralvarosanabria.com\\\/#organization\"},\"potentialAction\":[{\"@type\":\"SearchAction\",\"target\":{\"@type\":\"EntryPoint\",\"urlTemplate\":\"https:\\\/\\\/doctoralvarosanabria.com\\\/?s={search_term_string}\"},\"query-input\":{\"@type\":\"PropertyValueSpecification\",\"valueRequired\":true,\"valueName\":\"search_term_string\"}}],\"inLanguage\":\"en-US\"},{\"@type\":\"Organization\",\"@id\":\"https:\\\/\\\/doctoralvarosanabria.com\\\/#organization\",\"name\":\"Doctor \u00c1lvaro Sanabria\",\"url\":\"https:\\\/\\\/doctoralvarosanabria.com\\\/\",\"logo\":{\"@type\":\"ImageObject\",\"inLanguage\":\"en-US\",\"@id\":\"https:\\\/\\\/doctoralvarosanabria.com\\\/#\\\/schema\\\/logo\\\/image\\\/\",\"url\":\"https:\\\/\\\/doctoralvarosanabria.com\\\/wp-content\\\/uploads\\\/2025\\\/09\\\/logo-doctor-1.png\",\"contentUrl\":\"https:\\\/\\\/doctoralvarosanabria.com\\\/wp-content\\\/uploads\\\/2025\\\/09\\\/logo-doctor-1.png\",\"width\":508,\"height\":120,\"caption\":\"Doctor \u00c1lvaro Sanabria\"},\"image\":{\"@id\":\"https:\\\/\\\/doctoralvarosanabria.com\\\/#\\\/schema\\\/logo\\\/image\\\/\"},\"sameAs\":[\"https:\\\/\\\/www.facebook.com\\\/share\\\/16XXpHhXgk\\\/\",\"https:\\\/\\\/www.instagram.com\\\/dr.alvaro_sanabria?igsh=NTJtdjB3ZDY2cGw1\",\"https:\\\/\\\/www.linkedin.com\\\/in\\\/alvaro-sanabria-msc-phd-b3156835?utm_source=share&utm_campaign=share_via&utm_content=profile&utm_medium=android_app\"]}]}<\/script>\n<!-- \/ Yoast SEO plugin. -->","yoast_head_json":{"title":"C\u00e1ncer de laringe - Doctor \u00c1lvaro Sanabria","robots":{"index":"index","follow":"follow","max-snippet":"max-snippet:-1","max-image-preview":"max-image-preview:large","max-video-preview":"max-video-preview:-1"},"canonical":"https:\/\/doctoralvarosanabria.com\/en\/cancer-de-laringe\/","og_locale":"en_US","og_type":"article","og_title":"C\u00e1ncer de laringe - Doctor \u00c1lvaro Sanabria","og_description":"C\u00e1ncer de laringe El\u00a0c\u00e1ncer de laringe\u00a0se caracteriza por la aparici\u00f3n progresiva de\u00a0alteraciones de la voz (disfon\u00eda)\u00a0que no mejora despu\u00e9s de un periodo corto de tiempo o la sensaci\u00f3n de \u201ctaco\u201d en la\u00a0garganta. Muy ocasionalmente, la primera manifestaci\u00f3n es la aparici\u00f3n de\u00a0ganglios en el cuello. La mayor\u00eda de estos\u00a0tumores malignos\u00a0aparecen en pacientes que son fumadores y [&hellip;]","og_url":"https:\/\/doctoralvarosanabria.com\/en\/cancer-de-laringe\/","og_site_name":"Doctor \u00c1lvaro Sanabria","article_publisher":"https:\/\/www.facebook.com\/share\/16XXpHhXgk\/","article_modified_time":"2025-10-06T14:24:46+00:00","og_image":[{"url":"https:\/\/click2action.com.co\/doctoralvaro\/wp-content\/uploads\/2025\/10\/Banners-INTERNA-Cancer-de-laringe.jpg","type":"","width":"","height":""}],"twitter_card":"summary_large_image","twitter_misc":{"Est. reading time":"1 minute"},"schema":{"@context":"https:\/\/schema.org","@graph":[{"@type":"WebPage","@id":"https:\/\/doctoralvarosanabria.com\/cancer-de-laringe\/","url":"https:\/\/doctoralvarosanabria.com\/cancer-de-laringe\/","name":"C\u00e1ncer de laringe - Doctor \u00c1lvaro Sanabria","isPartOf":{"@id":"https:\/\/doctoralvarosanabria.com\/#website"},"primaryImageOfPage":{"@id":"https:\/\/doctoralvarosanabria.com\/cancer-de-laringe\/#primaryimage"},"image":{"@id":"https:\/\/doctoralvarosanabria.com\/cancer-de-laringe\/#primaryimage"},"thumbnailUrl":"https:\/\/click2action.com.co\/doctoralvaro\/wp-content\/uploads\/2025\/10\/Banners-INTERNA-Cancer-de-laringe.jpg","datePublished":"2025-10-06T14:16:45+00:00","dateModified":"2025-10-06T14:24:46+00:00","breadcrumb":{"@id":"https:\/\/doctoralvarosanabria.com\/cancer-de-laringe\/#breadcrumb"},"inLanguage":"en-US","potentialAction":[{"@type":"ReadAction","target":["https:\/\/doctoralvarosanabria.com\/cancer-de-laringe\/"]}]},{"@type":"ImageObject","inLanguage":"en-US","@id":"https:\/\/doctoralvarosanabria.com\/cancer-de-laringe\/#primaryimage","url":"https:\/\/click2action.com.co\/doctoralvaro\/wp-content\/uploads\/2025\/10\/Banners-INTERNA-Cancer-de-laringe.jpg","contentUrl":"https:\/\/click2action.com.co\/doctoralvaro\/wp-content\/uploads\/2025\/10\/Banners-INTERNA-Cancer-de-laringe.jpg"},{"@type":"BreadcrumbList","@id":"https:\/\/doctoralvarosanabria.com\/cancer-de-laringe\/#breadcrumb","itemListElement":[{"@type":"ListItem","position":1,"name":"Inicio","item":"https:\/\/doctoralvarosanabria.com\/"},{"@type":"ListItem","position":2,"name":"C\u00e1ncer de laringe"}]},{"@type":"WebSite","@id":"https:\/\/doctoralvarosanabria.com\/#website","url":"https:\/\/doctoralvarosanabria.com\/","name":"Doctor \u00c1lvaro Sanabria","description":"","publisher":{"@id":"https:\/\/doctoralvarosanabria.com\/#organization"},"potentialAction":[{"@type":"SearchAction","target":{"@type":"EntryPoint","urlTemplate":"https:\/\/doctoralvarosanabria.com\/?s={search_term_string}"},"query-input":{"@type":"PropertyValueSpecification","valueRequired":true,"valueName":"search_term_string"}}],"inLanguage":"en-US"},{"@type":"Organization","@id":"https:\/\/doctoralvarosanabria.com\/#organization","name":"Doctor \u00c1lvaro Sanabria","url":"https:\/\/doctoralvarosanabria.com\/","logo":{"@type":"ImageObject","inLanguage":"en-US","@id":"https:\/\/doctoralvarosanabria.com\/#\/schema\/logo\/image\/","url":"https:\/\/doctoralvarosanabria.com\/wp-content\/uploads\/2025\/09\/logo-doctor-1.png","contentUrl":"https:\/\/doctoralvarosanabria.com\/wp-content\/uploads\/2025\/09\/logo-doctor-1.png","width":508,"height":120,"caption":"Doctor \u00c1lvaro Sanabria"},"image":{"@id":"https:\/\/doctoralvarosanabria.com\/#\/schema\/logo\/image\/"},"sameAs":["https:\/\/www.facebook.com\/share\/16XXpHhXgk\/","https:\/\/www.instagram.com\/dr.alvaro_sanabria?igsh=NTJtdjB3ZDY2cGw1","https:\/\/www.linkedin.com\/in\/alvaro-sanabria-msc-phd-b3156835?utm_source=share&utm_campaign=share_via&utm_content=profile&utm_medium=android_app"]}]}},"_links":{"self":[{"href":"https:\/\/doctoralvarosanabria.com\/en\/wp-json\/wp\/v2\/pages\/623","targetHints":{"allow":["GET"]}}],"collection":[{"href":"https:\/\/doctoralvarosanabria.com\/en\/wp-json\/wp\/v2\/pages"}],"about":[{"href":"https:\/\/doctoralvarosanabria.com\/en\/wp-json\/wp\/v2\/types\/page"}],"author":[{"embeddable":true,"href":"https:\/\/doctoralvarosanabria.com\/en\/wp-json\/wp\/v2\/users\/1"}],"replies":[{"embeddable":true,"href":"https:\/\/doctoralvarosanabria.com\/en\/wp-json\/wp\/v2\/comments?post=623"}],"version-history":[{"count":7,"href":"https:\/\/doctoralvarosanabria.com\/en\/wp-json\/wp\/v2\/pages\/623\/revisions"}],"predecessor-version":[{"id":638,"href":"https:\/\/doctoralvarosanabria.com\/en\/wp-json\/wp\/v2\/pages\/623\/revisions\/638"}],"wp:attachment":[{"href":"https:\/\/doctoralvarosanabria.com\/en\/wp-json\/wp\/v2\/media?parent=623"}],"curies":[{"name":"wp","href":"https:\/\/api.w.org\/{rel}","templated":true}]}}